{"id":2297,"date":"2026-09-03T08:19:40","date_gmt":"2026-09-03T08:19:40","guid":{"rendered":"https:\/\/stabatmatervoluntarios.org\/?page_id=2297"},"modified":"2026-09-03T10:17:58","modified_gmt":"2026-09-03T10:17:58","slug":"como-funcionamos","status":"publish","type":"page","link":"https:\/\/stabatmatervoluntarios.org\/?page_id=2297","title":{"rendered":"C\u00f3mo funcionamos"},"content":{"rendered":"<div class='flex_column_table av-mtl8ypv4-a15bba74f88ee62a102dad4eccf00639 sc-av_one_half av-equal-height-column-flextable'>\n<style type=\"text\/css\" data-created_by=\"avia_inline_auto\" id=\"style-css-av-mtl8ypv4-a15bba74f88ee62a102dad4eccf00639\">\n.flex_column.av-mtl8ypv4-a15bba74f88ee62a102dad4eccf00639{\nborder-width:1px;\nborder-color:#d1d1d1;\nborder-style:solid;\npadding:30px 30px 30px 30px;\nbackground-color:#f6f2e9;\n}\n<\/style>\n<div  class='flex_column av-mtl8ypv4-a15bba74f88ee62a102dad4eccf00639 av_one_half  avia-builder-el-0  el_before_av_one_half  avia-builder-el-first  first no_margin flex_column_table_cell av-equal-height-column av-align-top  '     ><p>\n<style type=\"text\/css\" data-created_by=\"avia_inline_auto\" id=\"style-css-av-mtl8w1zr-0c59cb460885a639c70f92f4ee08b944\">\n#top .av-special-heading.av-mtl8w1zr-0c59cb460885a639c70f92f4ee08b944{\npadding-bottom:10px;\n}\nbody .av-special-heading.av-mtl8w1zr-0c59cb460885a639c70f92f4ee08b944 .av-special-heading-tag .heading-char{\nfont-size:25px;\n}\n.av-special-heading.av-mtl8w1zr-0c59cb460885a639c70f92f4ee08b944 .av-subheading{\nfont-size:15px;\n}\n<\/style>\n<div  class='av-special-heading av-mtl8w1zr-0c59cb460885a639c70f92f4ee08b944 av-special-heading-h3  avia-builder-el-1  el_before_av_hr  avia-builder-el-first '><h3 class='av-special-heading-tag '  itemprop=\"headline\"  >Una red de voluntarios con ra\u00edces en las parroquias<\/h3><div class=\"special-heading-border\"><div class=\"special-heading-inner-border\"><\/div><\/div><\/div><br \/>\n\n<style type=\"text\/css\" data-created_by=\"avia_inline_auto\" id=\"style-css-av-3ut1qx-4bbd57942ceee2e465502328d1ebf358\">\n#top .hr.hr-invisible.av-3ut1qx-4bbd57942ceee2e465502328d1ebf358{\nheight:20px;\n}\n<\/style>\n<div  class='hr av-3ut1qx-4bbd57942ceee2e465502328d1ebf358 hr-invisible  avia-builder-el-2  el_after_av_heading  el_before_av_textblock '><span class='hr-inner '><span class=\"hr-inner-style\"><\/span><\/span><\/div><br \/>\n<section  class='av_textblock_section av-mtl9ohgb-62a1c7693a3697bf9ae22fb70a7a3f49 '   itemscope=\"itemscope\" itemtype=\"https:\/\/schema.org\/CreativeWork\" ><div class='avia_textblock'  itemprop=\"text\" ><p class=\"PDq2pG_selectionAnchorContainer\" data-start=\"1792\" data-end=\"1896\"><strong data-start=\"1792\" data-end=\"1896\">Stabat Mater nace y crece desde las parroquias, <\/strong>en estrecha vinculaci\u00f3n con la Pastoral de la Salud. Desde ellas formamos y acompa\u00f1amos comunidades de voluntarios que salen al encuentro de quienes necesitan compa\u00f1\u00eda en residencias, hospitales y domicilios.\u00a0<strong data-start=\"2055\" data-end=\"2177\">La parroquia es nuestra ra\u00edz. Los lugares donde est\u00e1n las personas que nos necesitan son nuestros lugares de servicio.<\/strong><\/p>\n<\/div><\/section><\/p><\/div>\n\n<style type=\"text\/css\" data-created_by=\"avia_inline_auto\" id=\"style-css-av-mtl9ajzl-f9cb06811c9484a3a634c0f29ee8585e\">\n.flex_column.av-mtl9ajzl-f9cb06811c9484a3a634c0f29ee8585e{\nborder-width:1px;\nborder-color:#d1d1d1;\nborder-style:solid;\npadding:30px 30px 30px 30px;\nbackground-color:#edf1e9;\n}\n<\/style>\n<div  class='flex_column av-mtl9ajzl-f9cb06811c9484a3a634c0f29ee8585e av_one_half  avia-builder-el-4  el_after_av_one_half  el_before_av_one_third  no_margin flex_column_table_cell av-equal-height-column av-align-top  '     ><p>\n<style type=\"text\/css\" data-created_by=\"avia_inline_auto\" id=\"style-css-av-mtl90bad-82429ad64b7e9c81d9b10d133e8e17b5\">\n#top .av-special-heading.av-mtl90bad-82429ad64b7e9c81d9b10d133e8e17b5{\npadding-bottom:10px;\n}\nbody .av-special-heading.av-mtl90bad-82429ad64b7e9c81d9b10d133e8e17b5 .av-special-heading-tag .heading-char{\nfont-size:25px;\n}\n.av-special-heading.av-mtl90bad-82429ad64b7e9c81d9b10d133e8e17b5 .av-subheading{\nfont-size:15px;\n}\n<\/style>\n<div  class='av-special-heading av-mtl90bad-82429ad64b7e9c81d9b10d133e8e17b5 av-special-heading-h3  avia-builder-el-5  el_before_av_hr  avia-builder-el-first '><h3 class='av-special-heading-tag '  itemprop=\"headline\"  >Puedes sumarte aunque en tu parroquia no haya Stabat Mater<\/h3><div class=\"special-heading-border\"><div class=\"special-heading-inner-border\"><\/div><\/div><\/div><br \/>\n\n<style type=\"text\/css\" data-created_by=\"avia_inline_auto\" id=\"style-css-av-mtla67a8-9a9e5d40ba85232d2f59b78faf491f92\">\n#top .hr.hr-invisible.av-mtla67a8-9a9e5d40ba85232d2f59b78faf491f92{\nheight:20px;\n}\n<\/style>\n<div  class='hr av-mtla67a8-9a9e5d40ba85232d2f59b78faf491f92 hr-invisible  avia-builder-el-6  el_after_av_heading  el_before_av_textblock '><span class='hr-inner '><span class=\"hr-inner-style\"><\/span><\/span><\/div><br \/>\n<section  class='av_textblock_section av-mtl8v5ar-e5aea01be8cc59e56bc21310d82c9c71 '   itemscope=\"itemscope\" itemtype=\"https:\/\/schema.org\/CreativeWork\" ><div class='avia_textblock'  itemprop=\"text\" ><p class=\"PDq2pG_selectionAnchorContainer\" data-start=\"197\" data-end=\"333\">Si en tu parroquia todav\u00eda no existe un grupo de Stabat Mater, <strong data-start=\"260\" data-end=\"332\">puedes incorporarte como voluntario a otra parroquia que ya lo tenga<\/strong>.<\/p>\n<p data-start=\"335\" data-end=\"474\">All\u00ed recibir\u00e1s la formaci\u00f3n necesaria y formar\u00e1s parte de su equipo de voluntarios, integr\u00e1ndote en nuestra manera de acompa\u00f1ar y trabajar.<\/p>\n<\/div><\/section><\/p><\/div><\/div><!--close column table wrapper. Autoclose: 1 -->\n<div class='flex_column_table av-mtl9b23x-8b7e1662887f5f6b0f53b24b73010d4d sc-av_one_third av-equal-height-column-flextable'>\n<style type=\"text\/css\" data-created_by=\"avia_inline_auto\" id=\"style-css-av-mtl9b23x-8b7e1662887f5f6b0f53b24b73010d4d\">\n.flex_column.av-mtl9b23x-8b7e1662887f5f6b0f53b24b73010d4d{\nborder-width:1px;\nborder-color:#d1d1d1;\nborder-style:solid;\npadding:30px 30px 30px 30px;\nbackground-color:#ede5d8;\n}\n<\/style>\n<div  class='flex_column av-mtl9b23x-8b7e1662887f5f6b0f53b24b73010d4d av_one_third  avia-builder-el-8  el_after_av_one_half  el_before_av_one_fourth  first no_margin flex_column_table_cell av-equal-height-column av-align-top  column-top-margin'     ><p>\n<style type=\"text\/css\" data-created_by=\"avia_inline_auto\" id=\"style-css-av-mtl91o35-6a5e90fb67f5914e0511bf7eb5b86ec7\">\n#top .av-special-heading.av-mtl91o35-6a5e90fb67f5914e0511bf7eb5b86ec7{\npadding-bottom:10px;\n}\nbody .av-special-heading.av-mtl91o35-6a5e90fb67f5914e0511bf7eb5b86ec7 .av-special-heading-tag .heading-char{\nfont-size:25px;\n}\n.av-special-heading.av-mtl91o35-6a5e90fb67f5914e0511bf7eb5b86ec7 .av-subheading{\nfont-size:15px;\n}\n<\/style>\n<div  class='av-special-heading av-mtl91o35-6a5e90fb67f5914e0511bf7eb5b86ec7 av-special-heading-h3  avia-builder-el-9  el_before_av_textblock  avia-builder-el-first '><h3 class='av-special-heading-tag '  itemprop=\"headline\"  >Coordinados con cada lugar<\/h3><div class=\"special-heading-border\"><div class=\"special-heading-inner-border\"><\/div><\/div><\/div><br \/>\n<section  class='av_textblock_section av-mtl91blu-c00381d768c4c5a900ee256de62e47de '   itemscope=\"itemscope\" itemtype=\"https:\/\/schema.org\/CreativeWork\" ><div class='avia_textblock'  itemprop=\"text\" ><p>Trabajamos con residencias de personas mayores, hospitales, domicilios y otras instituciones donde nuestra presencia puede ayudar a quienes necesitan compa\u00f1\u00eda.\u00a0En cada lugar nos <strong>coordinamos con sus responsables y profesionales<\/strong> para adaptar el acompa\u00f1amiento a sus necesidades y funcionamiento.<\/p>\n<p><strong>El voluntario acompa\u00f1a. Los profesionales cuidan.<\/strong><\/p>\n<\/div><\/section><\/p><\/div>\n\n<style type=\"text\/css\" data-created_by=\"avia_inline_auto\" id=\"style-css-av-mtl9bkmg-7acaa8820bc691c12caad575fde0a5b1\">\n.flex_column.av-mtl9bkmg-7acaa8820bc691c12caad575fde0a5b1{\nborder-width:1px;\nborder-color:#d1d1d1;\nborder-style:solid;\npadding:30px 30px 30px 30px;\nbackground-color:#e1e8df;\n}\n<\/style>\n<div  class='flex_column av-mtl9bkmg-7acaa8820bc691c12caad575fde0a5b1 av_one_fourth  avia-builder-el-11  el_after_av_one_third  el_before_av_two_fifth  no_margin flex_column_table_cell av-equal-height-column av-align-top  column-top-margin'     ><p>\n<style type=\"text\/css\" data-created_by=\"avia_inline_auto\" id=\"style-css-av-mtl92tzr-12b9dcea9aa12769c0329fbaf35777ca\">\n#top .av-special-heading.av-mtl92tzr-12b9dcea9aa12769c0329fbaf35777ca{\npadding-bottom:10px;\n}\nbody .av-special-heading.av-mtl92tzr-12b9dcea9aa12769c0329fbaf35777ca .av-special-heading-tag .heading-char{\nfont-size:25px;\n}\n.av-special-heading.av-mtl92tzr-12b9dcea9aa12769c0329fbaf35777ca .av-subheading{\nfont-size:15px;\n}\n<\/style>\n<div  class='av-special-heading av-mtl92tzr-12b9dcea9aa12769c0329fbaf35777ca av-special-heading-h3  avia-builder-el-12  el_before_av_textblock  avia-builder-el-first '><h3 class='av-special-heading-tag '  itemprop=\"headline\"  >Voluntarios formados y acompa\u00f1ados<\/h3><div class=\"special-heading-border\"><div class=\"special-heading-inner-border\"><\/div><\/div><\/div><br \/>\n<section  class='av_textblock_section av-mtl92e1w-427bb306c937768aa2cff9f95183b486 '   itemscope=\"itemscope\" itemtype=\"https:\/\/schema.org\/CreativeWork\" ><div class='avia_textblock'  itemprop=\"text\" ><p class=\"PDq2pG_selectionAnchorContainer\" data-start=\"3129\" data-end=\"3177\"><strong data-start=\"3129\" data-end=\"3177\">Acompa\u00f1ar bien tambi\u00e9n requiere preparaci\u00f3n.<\/strong><\/p>\n<p data-start=\"3179\" data-end=\"3317\">Nuestros voluntarios reciben formaci\u00f3n inicial y continuada, y cuentan con coordinaci\u00f3n, seguimiento y acompa\u00f1amiento personal y pastoral.<\/p>\n<p data-start=\"3319\" data-end=\"3389\">Buscamos una presencia <strong data-start=\"3342\" data-end=\"3388\">cercana, prudente, responsable y constante<\/strong>.<\/p>\n<\/div><\/section><\/p><\/div>\n\n<style type=\"text\/css\" data-created_by=\"avia_inline_auto\" id=\"style-css-av-mtl9c204-7ca88efbf6af730e4b8da3a0a8eaa48d\">\n.flex_column.av-mtl9c204-7ca88efbf6af730e4b8da3a0a8eaa48d{\nborder-width:1px;\nborder-color:#d1d1d1;\nborder-style:solid;\npadding:30px 30px 30px 30px;\nbackground-color:#f7f4ed;\n}\n<\/style>\n<div  class='flex_column av-mtl9c204-7ca88efbf6af730e4b8da3a0a8eaa48d av_two_fifth  avia-builder-el-14  el_after_av_one_fourth  el_before_av_hr  no_margin flex_column_table_cell av-equal-height-column av-align-top  column-top-margin'     ><p>\n<style type=\"text\/css\" data-created_by=\"avia_inline_auto\" id=\"style-css-av-mtl95g36-a45f77a237c478cb8f553568b26f14b1\">\n#top .av-special-heading.av-mtl95g36-a45f77a237c478cb8f553568b26f14b1{\npadding-bottom:10px;\n}\nbody .av-special-heading.av-mtl95g36-a45f77a237c478cb8f553568b26f14b1 .av-special-heading-tag .heading-char{\nfont-size:25px;\n}\n.av-special-heading.av-mtl95g36-a45f77a237c478cb8f553568b26f14b1 .av-subheading{\nfont-size:15px;\n}\n<\/style>\n<div  class='av-special-heading av-mtl95g36-a45f77a237c478cb8f553568b26f14b1 av-special-heading-h3  avia-builder-el-15  el_before_av_textblock  avia-builder-el-first '><h3 class='av-special-heading-tag '  itemprop=\"headline\"  >Cada persona marca el camino<\/h3><div class=\"special-heading-border\"><div class=\"special-heading-inner-border\"><\/div><\/div><\/div><br \/>\n<section  class='av_textblock_section av-mtl950t4-5e726399a5a84d4be81dd88b338920f1 '   itemscope=\"itemscope\" itemtype=\"https:\/\/schema.org\/CreativeWork\" ><div class='avia_textblock'  itemprop=\"text\" ><p data-start=\"3458\" data-end=\"3506\"><strong>No llegamos para hacer. Llegamos para estar.<\/strong><\/p>\n<p data-start=\"3508\" data-end=\"3626\">Conversar, escuchar, pasear, leer, sostener una mano o simplemente compartir el silencio. Cada encuentro es diferente.<\/p>\n<p data-start=\"3628\" data-end=\"3805\">Acompa\u00f1amos desde el respeto a la dignidad, libertad, intimidad y creencias de cada persona. La oraci\u00f3n o el acompa\u00f1amiento espiritual se ofrecen cuando la persona lo desea.<\/p>\n<p data-start=\"3807\" data-end=\"3979\">Nuestra identidad cristiana nos lleva a reconocer en cada persona a un hijo amado de Dios y, especialmente en quien sufre, al mismo Cristo que sale a nuestro encuentro.<\/p>\n<\/div><\/section><\/p><\/div><\/div><!--close column table wrapper. Autoclose: 1 -->\n<div  class='hr av-28ds5l-185d12ba232a9f99d5918de57e8829ab hr-default  avia-builder-el-17  el_after_av_two_fifth  el_before_av_one_full '><span class='hr-inner '><span class=\"hr-inner-style\"><\/span><\/span><\/div>\n\n<style type=\"text\/css\" data-created_by=\"avia_inline_auto\" id=\"style-css-av-mtlas1oq-26f43693925e1cca1b7b74bccd38ced9\">\n.flex_column.av-mtlas1oq-26f43693925e1cca1b7b74bccd38ced9{\npadding:40px 40px 40px 40px;\nbackground-color:#56708e;\n}\n<\/style>\n<div  class='flex_column av-mtlas1oq-26f43693925e1cca1b7b74bccd38ced9 av_one_full  avia-builder-el-18  el_after_av_hr  avia-builder-el-last  first flex_column_div  '     ><p>\n<style type=\"text\/css\" data-created_by=\"avia_inline_auto\" id=\"style-css-av-mtlare38-d06c42b8ba9910f630892e781cdaf2b4\">\n#top .av-special-heading.av-mtlare38-d06c42b8ba9910f630892e781cdaf2b4{\npadding-bottom:10px;\ncolor:#ffffff;\n}\nbody .av-special-heading.av-mtlare38-d06c42b8ba9910f630892e781cdaf2b4 .av-special-heading-tag .heading-char{\nfont-size:25px;\n}\n.av-special-heading.av-mtlare38-d06c42b8ba9910f630892e781cdaf2b4 .special-heading-inner-border{\nborder-color:#ffffff;\n}\n.av-special-heading.av-mtlare38-d06c42b8ba9910f630892e781cdaf2b4 .av-subheading{\nfont-size:15px;\n}\n<\/style>\n<div  class='av-special-heading av-mtlare38-d06c42b8ba9910f630892e781cdaf2b4 av-special-heading-h3 custom-color-heading  avia-builder-el-19  el_before_av_textblock  avia-builder-el-first '><h3 class='av-special-heading-tag '  itemprop=\"headline\"  >\u00bfQuieres llevar Stabat Mater a tu parroquia o centro?<\/h3><div class=\"special-heading-border\"><div class=\"special-heading-inner-border\"><\/div><\/div><\/div><br \/>\n\n<style type=\"text\/css\" data-created_by=\"avia_inline_auto\" id=\"style-css-av-mtlaqzh7-86b7ae158b0c7ce01f8c266265844832\">\n#top .av_textblock_section.av-mtlaqzh7-86b7ae158b0c7ce01f8c266265844832 .avia_textblock{\ncolor:#ffffff;\n}\n<\/style>\n<section  class='av_textblock_section av-mtlaqzh7-86b7ae158b0c7ce01f8c266265844832 '   itemscope=\"itemscope\" itemtype=\"https:\/\/schema.org\/CreativeWork\" ><div class='avia_textblock av_inherit_color'  itemprop=\"text\" ><p class=\"PDq2pG_selectionAnchorContainer\" data-start=\"510\" data-end=\"699\">Si eres <strong data-start=\"518\" data-end=\"562\">p\u00e1rroco, capell\u00e1n de hospital o responsable pastoral<\/strong> y quieres conocer Stabat Mater o valorar su puesta en marcha en tu parroquia, hospital o centro, estaremos encantados de hablar contigo.<\/p>\n<p data-start=\"701\" data-end=\"856\">Te enviaremos nuestro <strong data-start=\"723\" data-end=\"768\">dossier informativo y de puesta en marcha<\/strong> y te acompa\u00f1aremos en los primeros pasos para estudiar juntos c\u00f3mo iniciar el proyecto.<\/p>\n<p style=\"text-align: center;\" data-start=\"701\" data-end=\"856\"><a href=\"https:\/\/stabatmatervoluntarios.org\/?page_id=2318\" target=\"_blank\" rel=\"noopener\">CONT\u00c1CTANOS<\/a><\/p>\n<\/div><\/section><\/p><\/div>\n","protected":false},"excerpt":{"rendered":"","protected":false},"author":1,"featured_media":0,"parent":0,"menu_order":0,"comment_status":"closed","ping_status":"closed","template":"","meta":{"sns_share_botton_hide":"","vkExUnit_sns_title":"","_vk_print_noindex":"","sitemap_hide":"","vkExUnit_sitemap":"","_veu_custom_css":"","veu_display_promotion_alert":"","_exclude_from_list_pages":"","vkexunit_cta_each_option":"","vkExUnit_childPageIndex":"","vkExUnit_pageList_ancestor":"","vkExUnit_contact_enable":"","footnotes":""},"class_list":["post-2297","page","type-page","status-publish","hentry"],"veu_head_title_object":{"title":"","add_site_title":""},"_links":{"self":[{"href":"https:\/\/stabatmatervoluntarios.org\/index.php?rest_route=\/wp\/v2\/pages\/2297","targetHints":{"allow":["GET"]}}],"collection":[{"href":"https:\/\/stabatmatervoluntarios.org\/index.php?rest_route=\/wp\/v2\/pages"}],"about":[{"href":"https:\/\/stabatmatervoluntarios.org\/index.php?rest_route=\/wp\/v2\/types\/page"}],"author":[{"embeddable":true,"href":"https:\/\/stabatmatervoluntarios.org\/index.php?rest_route=\/wp\/v2\/users\/1"}],"replies":[{"embeddable":true,"href":"https:\/\/stabatmatervoluntarios.org\/index.php?rest_route=%2Fwp%2Fv2%2Fcomments&post=2297"}],"version-history":[{"count":12,"href":"https:\/\/stabatmatervoluntarios.org\/index.php?rest_route=\/wp\/v2\/pages\/2297\/revisions"}],"predecessor-version":[{"id":2329,"href":"https:\/\/stabatmatervoluntarios.org\/index.php?rest_route=\/wp\/v2\/pages\/2297\/revisions\/2329"}],"wp:attachment":[{"href":"https:\/\/stabatmatervoluntarios.org\/index.php?rest_route=%2Fwp%2Fv2%2Fmedia&parent=2297"}],"curies":[{"name":"wp","href":"https:\/\/api.w.org\/{rel}","templated":true}]}}