{"id":2324,"date":"2026-09-03T09:51:51","date_gmt":"2026-09-03T09:51:51","guid":{"rendered":"https:\/\/stabatmatervoluntarios.org\/?page_id=2324"},"modified":"2026-09-03T09:51:51","modified_gmt":"2026-09-03T09:51:51","slug":"politica-de-privacidad","status":"publish","type":"page","link":"https:\/\/stabatmatervoluntarios.org\/?page_id=2324","title":{"rendered":"Pol\u00edtica de privacidad"},"content":{"rendered":"<div  class='flex_column av-av_one_full-4453fbc7e8da734fe9d5824da1c72891 av_one_full  avia-builder-el-0  avia-builder-el-no-sibling  first flex_column_div  '     ><section  class='av_textblock_section av-mtlci956-1f0979fe8e1a4d6e97ca6b72a0155503 '   itemscope=\"itemscope\" itemtype=\"https:\/\/schema.org\/CreativeWork\" ><div class='avia_textblock'  itemprop=\"text\" ><h1 class=\"PDq2pG_selectionAnchorContainer\" data-section-id=\"1vdiz1t\" data-start=\"514\" data-end=\"538\">POL\u00cdTICA DE PRIVACIDAD<\/h1>\n<h2 data-section-id=\"kt5j8d\" data-start=\"540\" data-end=\"573\">1. Responsable del tratamiento<\/h2>\n<p data-start=\"575\" data-end=\"670\">El responsable del tratamiento de los datos personales recogidos a trav\u00e9s de este sitio web es:<\/p>\n<p data-start=\"672\" data-end=\"993\"><strong data-start=\"672\" data-end=\"699\">Stabat Mater Voluntaris<\/strong><br data-start=\"699\" data-end=\"702\" \/>Asociaci\u00f3n sin \u00e1nimo de lucro<br data-start=\"731\" data-end=\"734\" \/>Domicilio: Carrer de l\u2019Esgl\u00e9sia, 7, 08197 Valldoreix, Sant Cugat del Vall\u00e8s, Barcelona<br data-start=\"820\" data-end=\"823\" \/>Correo electr\u00f3nico: <strong data-start=\"843\" data-end=\"879\"><a class=\"decorated-link cursor-pointer\" rel=\"noopener\" data-start=\"845\" data-end=\"877\">stabatmatervoluntarios@gmail.com<\/a><\/strong><br data-start=\"879\" data-end=\"882\" \/>NIF: <strong data-start=\"887\" data-end=\"901\">en tr\u00e1mite<\/strong><br data-start=\"901\" data-end=\"904\" \/>Inscripci\u00f3n en el Registro de Asociaciones de la Generalitat de Catalunya: <strong data-start=\"979\" data-end=\"993\">en tr\u00e1mite<\/strong><\/p>\n<h2 data-section-id=\"8yi2m7\" data-start=\"995\" data-end=\"1033\">2. \u00bfQu\u00e9 datos personales recogemos?<\/h2>\n<p data-start=\"1035\" data-end=\"1142\">A trav\u00e9s de los formularios de esta web podemos recoger los datos que la propia persona nos facilite, como:<\/p>\n<ul data-start=\"1144\" data-end=\"1434\">\n<li data-section-id=\"idbtlv\" data-start=\"1144\" data-end=\"1165\">Nombre y apellidos.<\/li>\n<li data-section-id=\"1jfy4zi\" data-start=\"1166\" data-end=\"1200\">Direcci\u00f3n de correo electr\u00f3nico.<\/li>\n<li data-section-id=\"gneb0w\" data-start=\"1201\" data-end=\"1232\">Tel\u00e9fono, cuando se solicite.<\/li>\n<li data-section-id=\"fuz5i5\" data-start=\"1233\" data-end=\"1313\">Parroquia, hospital, residencia o instituci\u00f3n a la que pertenece o representa.<\/li>\n<li data-section-id=\"l86zzf\" data-start=\"1314\" data-end=\"1342\">Funci\u00f3n o responsabilidad.<\/li>\n<li data-section-id=\"15vccrn\" data-start=\"1343\" data-end=\"1355\">Localidad.<\/li>\n<li data-section-id=\"1kxeep0\" data-start=\"1356\" data-end=\"1434\">Informaci\u00f3n incluida voluntariamente en el mensaje o formulario de contacto.<\/li>\n<\/ul>\n<p data-start=\"1436\" data-end=\"1504\">Pedimos \u00fanicamente los datos necesarios para atender cada solicitud.<\/p>\n<h2 data-section-id=\"htjcpb\" data-start=\"1506\" data-end=\"1543\">3. \u00bfPara qu\u00e9 utilizamos tus datos?<\/h2>\n<p data-start=\"1545\" data-end=\"1620\">Los datos facilitados a Stabat Mater Voluntaris podr\u00e1n ser utilizados para:<\/p>\n<p data-start=\"1622\" data-end=\"1783\"><strong data-start=\"1622\" data-end=\"1673\">Atender consultas y solicitudes de informaci\u00f3n.<\/strong><br data-start=\"1673\" data-end=\"1676\" \/>Responder a las personas que se ponen en contacto con nosotros a trav\u00e9s de la web o del correo electr\u00f3nico.<\/p>\n<p data-start=\"1785\" data-end=\"1940\"><strong data-start=\"1785\" data-end=\"1844\">Gestionar solicitudes relacionadas con el voluntariado.<\/strong><br data-start=\"1844\" data-end=\"1847\" \/>Contactar con personas interesadas en conocer o incorporarse al voluntariado de Stabat Mater.<\/p>\n<p data-start=\"1942\" data-end=\"2196\"><strong data-start=\"1942\" data-end=\"2014\">Atender a parroquias, hospitales, residencias y otras instituciones.<\/strong><br data-start=\"2014\" data-end=\"2017\" \/>Responder a sus solicitudes, enviar informaci\u00f3n sobre Stabat Mater y, cuando proceda, iniciar conversaciones para valorar una posible colaboraci\u00f3n o puesta en marcha del proyecto.<\/p>\n<p data-start=\"2198\" data-end=\"2346\">No utilizaremos los datos facilitados a trav\u00e9s de estos formularios para fines distintos e incompatibles con aquellos para los que fueron recogidos.<\/p>\n<h2 data-section-id=\"1jruz3u\" data-start=\"2348\" data-end=\"2402\">4. \u00bfCu\u00e1l es la base jur\u00eddica para tratar los datos?<\/h2>\n<p data-start=\"2404\" data-end=\"2632\">Con car\u00e1cter general, el tratamiento de los datos facilitados voluntariamente a trav\u00e9s de nuestros formularios se basa en el <strong data-start=\"2529\" data-end=\"2572\">consentimiento de la persona interesada<\/strong> y en la atenci\u00f3n de la solicitud que ella misma nos dirige.<\/p>\n<p data-start=\"2634\" data-end=\"2795\">Cuando resulte aplicable otra base jur\u00eddica por la naturaleza de una relaci\u00f3n concreta con Stabat Mater Voluntaris, se informar\u00e1 de ello a la persona interesada.<\/p>\n<p data-start=\"2797\" data-end=\"2941\">El RGPD exige que la persona sea informada tanto de la finalidad como de la base jur\u00eddica del tratamiento.<\/p>\n<h2 data-section-id=\"1vhqg52\" data-start=\"2943\" data-end=\"2994\">5. \u00bfDurante cu\u00e1nto tiempo conservamos los datos?<\/h2>\n<p data-start=\"2996\" data-end=\"3142\">Los datos personales se conservar\u00e1n <strong data-start=\"3032\" data-end=\"3141\">durante el tiempo necesario para atender la consulta, solicitud o relaci\u00f3n para la que fueron facilitados<\/strong>.<\/p>\n<p data-start=\"3144\" data-end=\"3279\">Posteriormente podr\u00e1n conservarse debidamente bloqueados durante los plazos necesarios para atender posibles responsabilidades legales.<\/p>\n<p data-start=\"3281\" data-end=\"3385\">Cuando los datos dejen de ser necesarios y no exista obligaci\u00f3n legal de conservarlos, ser\u00e1n eliminados.<\/p>\n<h2 data-section-id=\"9qgidi\" data-start=\"3387\" data-end=\"3426\">6. \u00bfCon qui\u00e9n compartimos los datos?<\/h2>\n<p data-start=\"3428\" data-end=\"3679\">Stabat Mater Voluntaris no comunicar\u00e1 los datos personales a terceros salvo cuando sea necesario para atender la solicitud de la persona interesada, exista una obligaci\u00f3n legal o se haya informado previamente y exista una base jur\u00eddica que lo permita.<\/p>\n<p data-start=\"3681\" data-end=\"3998\">Determinados proveedores que prestan servicios necesarios para el funcionamiento de la web, correo electr\u00f3nico, alojamiento u otros servicios tecnol\u00f3gicos pueden tratar datos por cuenta de Stabat Mater Voluntaris. En esos casos deber\u00e1n hacerlo conforme a la normativa aplicable y a las instrucciones de la asociaci\u00f3n.<\/p>\n<h2 data-section-id=\"ay4tzs\" data-start=\"4000\" data-end=\"4035\">7. Datos especialmente sensibles<\/h2>\n<p data-start=\"4037\" data-end=\"4145\">Los formularios generales de esta web <strong data-start=\"4075\" data-end=\"4144\">no est\u00e1n destinados a recoger informaci\u00f3n m\u00e9dica o datos de salud<\/strong>.<\/p>\n<p data-start=\"4147\" data-end=\"4330\">Por ello, recomendamos no incluir en los campos de texto libre informaci\u00f3n m\u00e9dica, diagn\u00f3sticos u otros datos especialmente sensibles que no sean necesarios para realizar la consulta.<\/p>\n<p data-start=\"4332\" data-end=\"4530\">Si en el futuro Stabat Mater necesita tratar este tipo de informaci\u00f3n para desarrollar alguno de sus servicios o proyectos, se establecer\u00e1n las medidas y procedimientos espec\u00edficos que correspondan.<\/p>\n<h2 data-section-id=\"8c9yv8\" data-start=\"4532\" data-end=\"4562\">8. Derechos sobre tus datos<\/h2>\n<p data-start=\"4564\" data-end=\"4641\">Las personas interesadas pueden ejercer, cuando corresponda, sus derechos de:<\/p>\n<p data-start=\"4643\" data-end=\"4734\"><strong data-start=\"4643\" data-end=\"4734\">acceso, rectificaci\u00f3n, supresi\u00f3n, oposici\u00f3n, limitaci\u00f3n del tratamiento y portabilidad.<\/strong><\/p>\n<p data-start=\"4736\" data-end=\"4917\">Tambi\u00e9n pueden retirar el consentimiento prestado en cualquier momento cuando el tratamiento se base en \u00e9l, sin que ello afecte a la licitud del tratamiento realizado anteriormente.<\/p>\n<p data-start=\"4919\" data-end=\"4965\">Para ejercer estos derechos pueden escribir a:<\/p>\n<p data-start=\"4967\" data-end=\"5003\"><strong data-start=\"4967\" data-end=\"5003\"><a class=\"decorated-link cursor-pointer\" rel=\"noopener\" data-start=\"4969\" data-end=\"5001\">stabatmatervoluntarios@gmail.com<\/a><\/strong><\/p>\n<p data-start=\"5005\" data-end=\"5123\">indicando qu\u00e9 derecho desean ejercer y aportando la informaci\u00f3n necesaria para poder atender y verificar su solicitud.<\/p>\n<p data-start=\"5125\" data-end=\"5473\">Asimismo, tienen derecho a presentar una reclamaci\u00f3n ante la <strong data-start=\"5186\" data-end=\"5229\">Agencia Espa\u00f1ola de Protecci\u00f3n de Datos<\/strong> si consideran que el tratamiento de sus datos personales no se ajusta a la normativa. Estos derechos y el derecho a reclamar ante la autoridad de control forman parte de la informaci\u00f3n exigida por el RGPD.<\/p>\n<p data-start=\"5475\" data-end=\"5512\"><span class=\"contents\" data-content-reference-start=\"5435\" data-content-reference-end=\"5501\"><span class=\"\" data-state=\"closed\"><a class=\"decorated-link\" href=\"https:\/\/www.aepd.es\/?utm_source=chatgpt.com\" target=\"_blank\" rel=\"noopener\">Agencia Espa\u00f1ola de Protecci\u00f3n de Datos<\/a><\/span><\/span><\/p>\n<h2 data-section-id=\"1e7sui8\" data-start=\"5514\" data-end=\"5542\">9. Seguridad de los datos<\/h2>\n<p data-start=\"5544\" data-end=\"5758\">Stabat Mater Voluntaris adoptar\u00e1 las medidas t\u00e9cnicas y organizativas apropiadas para proteger los datos personales y evitar, en la medida de lo posible, su p\u00e9rdida, alteraci\u00f3n, acceso o utilizaci\u00f3n no autorizados.<\/p>\n<h2 data-section-id=\"1jeraj1\" data-start=\"5760\" data-end=\"5805\">10. Cambios en esta Pol\u00edtica de Privacidad<\/h2>\n<p data-start=\"5807\" data-end=\"5949\">Esta Pol\u00edtica de Privacidad podr\u00e1 actualizarse cuando cambien nuestros servicios, tratamientos de datos o las obligaciones legales aplicables.<\/p>\n<p data-start=\"5951\" data-end=\"5996\"><strong data-start=\"5951\" data-end=\"5996\">\u00daltima actualizaci\u00f3n: septiembre de 2026.<\/strong><\/p>\n<\/div><\/section><\/div>\n","protected":false},"excerpt":{"rendered":"","protected":false},"author":1,"featured_media":0,"parent":0,"menu_order":0,"comment_status":"closed","ping_status":"closed","template":"","meta":{"sns_share_botton_hide":"","vkExUnit_sns_title":"","_vk_print_noindex":"","sitemap_hide":"","vkExUnit_sitemap":"","_veu_custom_css":"","veu_display_promotion_alert":"","_exclude_from_list_pages":"","vkexunit_cta_each_option":"","vkExUnit_childPageIndex":"","vkExUnit_pageList_ancestor":"","vkExUnit_contact_enable":"","footnotes":""},"class_list":["post-2324","page","type-page","status-publish","hentry"],"veu_head_title_object":{"title":"","add_site_title":""},"_links":{"self":[{"href":"https:\/\/stabatmatervoluntarios.org\/index.php?rest_route=\/wp\/v2\/pages\/2324","targetHints":{"allow":["GET"]}}],"collection":[{"href":"https:\/\/stabatmatervoluntarios.org\/index.php?rest_route=\/wp\/v2\/pages"}],"about":[{"href":"https:\/\/stabatmatervoluntarios.org\/index.php?rest_route=\/wp\/v2\/types\/page"}],"author":[{"embeddable":true,"href":"https:\/\/stabatmatervoluntarios.org\/index.php?rest_route=\/wp\/v2\/users\/1"}],"replies":[{"embeddable":true,"href":"https:\/\/stabatmatervoluntarios.org\/index.php?rest_route=%2Fwp%2Fv2%2Fcomments&post=2324"}],"version-history":[{"count":1,"href":"https:\/\/stabatmatervoluntarios.org\/index.php?rest_route=\/wp\/v2\/pages\/2324\/revisions"}],"predecessor-version":[{"id":2325,"href":"https:\/\/stabatmatervoluntarios.org\/index.php?rest_route=\/wp\/v2\/pages\/2324\/revisions\/2325"}],"wp:attachment":[{"href":"https:\/\/stabatmatervoluntarios.org\/index.php?rest_route=%2Fwp%2Fv2%2Fmedia&parent=2324"}],"curies":[{"name":"wp","href":"https:\/\/api.w.org\/{rel}","templated":true}]}}